{"id":225,"date":"2017-03-13T22:01:32","date_gmt":"2017-03-13T21:01:32","guid":{"rendered":"http:\/\/www.raphael-pohlers.de\/iv50plus\/?page_id=225"},"modified":"2017-03-13T22:01:32","modified_gmt":"2017-03-13T21:01:32","slug":"kooperationsmitglieder","status":"publish","type":"page","link":"https:\/\/iv50plus.eu\/?page_id=225","title":{"rendered":"Kooperationsmitglieder"},"content":{"rendered":"<p>Da wir wissen, dass wir alleine Ver\u00e4nderung in allen Schichten unserer Gesellschaft durch den demografischen Wandel nicht erreichen k\u00f6nnen, freuen wir uns \u00fcber alle Kooperationspartner. Zusammen werden wir die Herausforderung annehmen \u2013 auch mit Ihnen . . .<\/p>\n<p>[su_accordion]<\/p>\n<p>[su_spoiler title=&#8220;B&#8220; style=&#8220;fancy&#8220;]<\/p>\n<h2><strong>Bildungshaus Kloster Neustift \u00a0\u00a0\u00a0\u00a0\u00a0\u00a0\u00a0\u00a0\u00a0\u00a0\u00a0\u00a0\u00a0\u00a0\u00a0\u00a0\u00a0\u00a0\u00a0\u00a0\u00a0\u00a0\u00a0\u00a0\u00a0\u00a0\u00a0\u00a0\u00a0\u00a0\u00a0\u00a0\u00a0\u00a0\u00a0\u00a0\u00a0\u00a0\u00a0\u00a0\u00a0\u00a0\u00a0\u00a0\u00a0\u00a0\u00a0\u00a0\u00a0\u00a0\u00a0\u00a0\u00a0\u00a0\u00a0\u00a0\u00a0\u00a0\u00a0\u00a0\u00a0\u00a0\u00a0\u00a0\u00a0\u00a0\u00a0\u00a0\u00a0\u00a0\u00a0\u00a0\u00a0\u00a0\u00a0\u00a0\u00a0\u00a0\u00a0\u00a0\u00a0\u00a0\u00a0\u00a0\u00a0\u00a0\u00a0\u00a0\u00a0\u00a0\u00a0\u00a0\u00a0\u00a0\u00a0\u00a0\u00a0\u00a0\u00a0\u00a0\u00a0\u00a0\u00a0\u00a0\u00a0\u00a0\u00a0\u00a0\u00a0\u00a0\u00a0\u00a0\u00a0\u00a0\u00a0\u00a0\u00a0\u00a0\u00a0\u00a0\u00a0\u00a0\u00a0\u00a0\u00a0\u00a0\u00a0\u00a0\u00a0\u00a0\u00a0\u00a0\u00a0\u00a0\u00a0\u00a0\u00a0\u00a0\u00a0 <\/strong><\/h2>\n<p><strong>Unternehmensdarstellung<\/strong><\/p>\n<p><span class=\"initial\">E<\/span>ingebettet in das Augustiner Chorherrenstift Neustift bietet Ihnen das Bildungshaus ein <strong>besonderes Ambiente f\u00fcr erfolgreiche Aus- und Weiterbildung<\/strong>.<br \/>\nDie Anf\u00e4nge des Bildungshauses reichen bis zur Gr\u00fcndung des Tourismuszentrums im Jahre 1970 zur\u00fcck. Seither wurde das Angebot best\u00e4ndig sowohl durch <strong>eigene Veranstaltungen<\/strong> wie auch die <strong>Vermietung von R\u00e4umlichkeiten<\/strong> ausgebaut.<\/p>\n<p>Heute bietet Ihnen das Bildungshaus ein <strong>umfangreiches Bildungs- und Veranstaltungsprogramm<\/strong> in verschiedenen <a href=\"http:\/\/www.kloster-neustift.it\/de\/bildungshaus\/bildungsangebot\/bildungsbereiche.html\"><strong>Bildungsbereichen<\/strong><\/a>. Dar\u00fcber hinaus finden Sie mit unserem\u00a0<a href=\"http:\/\/www.kloster-neustift.it\/de\/bildungshaus\/tagen-im-bildungshaus.html\"><strong>Tagungsangebot<\/strong><\/a> den richtigen Rahmen f\u00fcr Ihre Veranstaltung in unseren\u00a0<a href=\"http:\/\/www.kloster-neustift.it\/de\/bildungshaus\/tagen-im-bildungshaus\/raeume.html\"><strong>R\u00e4umlichkeiten<\/strong><\/a> f\u00fcr bis zu 160 Personen!<br \/>\n<span class=\"initial\">A<\/span>ls Bildungshaus bieten wir Ihnen \u201e<strong>alles aus einer Hand<\/strong>\u201c: Nutzen Sie den\u00a0<a href=\"http:\/\/www.kloster-neustift.it\/de\/besichtigungen\/stiftskeller.html\"><strong>Stiftskeller<\/strong><\/a> f\u00fcr Pausen, genie\u00dfen Sie in unserem<strong>\u00a0<\/strong> <a href=\"http:\/\/www.kloster-neustift.it\/de\/bildungshaus\/tagen-im-bildungshaus\/kueche.html\"><strong>Speisesaal<\/strong><\/a> s\u00fcdtiroler und mediterrane Spezialit\u00e4ten und \u00fcbernachten Sie in einem unserer <a href=\"http:\/\/www.kloster-neustift.it\/de\/bildungshaus\/tagen-im-bildungshaus\/zimmer.html\"><strong>28 Einzel- und 12 Doppelzimmer<\/strong><\/a>.<\/p>\n<p>Wir freuen uns, dass seit dem Einbau eines zweiten Liftes 2009 das Hauptgeb\u00e4ude des Bildungshauses gro\u00dfteils barrierefrei zug\u00e4nglich ist.<\/p>\n<p>Auch beim <strong>Ausgleich zur intensiven Bildungsarbeit<\/strong> sind wir Ihnen gerne behilflich!<br \/>\nOb Sie einfach die Ruhe und Zur\u00fcckgezogenheit des Klosters genie\u00dfen, wandern, radeln oder die kulturellen Angebote in Brixen und Umgebung besuchen \u2013 Sie finden hier vielf\u00e4ltige M\u00f6glichkeiten.<\/p>\n<h2><strong>Webseite<\/strong><\/h2>\n<p><a href=\"http:\/\/www.bildungshaus.it\">www.bildungshaus.it<\/a><\/p>\n<p>&nbsp;<\/p>\n<p>[\/su_spoiler]<\/p>\n<p>[su_spoiler title=&#8220;U&#8220; style=&#8220;fancy&#8220;]<\/p>\n<p><strong>UhU &#8211; Unternehmer\/innen helfen Unternehmen\/innen<\/strong><\/p>\n<p><strong>Unternehmensdarstellung<br \/>\n<\/strong>UhU &#8211; Unternehmer helfen Unternehmern (gilt selbstverst\u00e4ndlich ebenso f\u00fcr Unternehmerinnen). Wir gr\u00fcnden Business-Cluster und unterst\u00fctzen Business-Netzwerke dabei, sich effektiver zu vernetzen und gemeinsam am unternehmerischen Erfolg zu arbeiten. Dies geschieht durch Empfehlungen. UhU ist non-profit und opensource &#8211; d.h., dass die Erfahrungen aus mehr als 6 Jahren netzwerken und empfehlen allen Interessierten frei zur Verf\u00fcgung gestellt werden.<\/p>\n<p>Das Ziel ist, Unternehmer durch professionelles Empfehlungs- und Cluster-Marketing darin zu unterst\u00fctzen, zus\u00e4tzliche Interessenten und Kunden zu gewinnen. UhU-Treffen finden im Bergischen Kreis und im M\u00e4rkischen Kreis statt. Regelm\u00e4\u00dfig kommen neue Standorte hinzu.<\/p>\n<p><strong>Webseite<br \/>\n<\/strong><a href=\"http:\/\/www.uhu-macht-erfolgreich.de\" target=\"_blank\" rel=\"noopener noreferrer\">www.uhu-macht-erfolgreich.de<\/a><\/p>\n<p><strong>Imagetrailer<br \/>\n<\/strong>In Vorbereitung<\/p>\n<p><strong>Logo<br \/>\n<\/strong><img decoding=\"async\" loading=\"lazy\" class=\"alignnone size-medium wp-image-229\" src=\"http:\/\/www.raphael-pohlers.de\/iv50plus\/wp-content\/uploads\/2017\/03\/uhu_logo-300x106.jpg\" alt=\"\" width=\"300\" height=\"106\" srcset=\"https:\/\/iv50plus.eu\/wp-content\/uploads\/2017\/03\/uhu_logo-300x106.jpg 300w, https:\/\/iv50plus.eu\/wp-content\/uploads\/2017\/03\/uhu_logo.jpg 400w\" sizes=\"(max-width: 300px) 100vw, 300px\" \/><br \/>\n[\/su_spoiler]<\/p>\n<p>[su_spoiler title=&#8220;W&#8220; style=&#8220;fancy&#8220;]<\/p>\n<p><strong>WBSV &#8211; Westdeutscher Betriebssportverband e.V.<\/strong><\/p>\n<p><strong>Unternehmensdarstellung<br \/>\n<\/strong>Der Westdeutsche Betriebssportverband e.V. ist der nordrhein-westf\u00e4lische Dachverband von mehr als 1.000 Sportvereinen mit rund 90.000 Mitgliedspersonen. Die Vereine sind in der Regel im Umfeld eines aktuell existierenden Betriebes angesiedelt und haben somit eine besondere Beziehung zur Lebenswelt Arbeit. Als Verband f\u00fcr Gesundheits-, Freizeit- und Breitensport ist der WBSV als Fachverband Mitglied beim Landessportbund NRW. Vorrangige Bet\u00e4tigungsfelder sind die Themen \u201eBetriebliche Gesundheitsf\u00f6rderung\u201c durch Bewegung, Sport und Entspannung sowie breitensportorientierte Wettbewerbe und Events in den unterschiedlichsten Sportarten. Der Betriebs-Sportverein ist ein wichtiger und kompetenter Partner f\u00fcr Mitarbeiter und Arbeitgeber bei der betrieblichen Gesundheitsf\u00f6rderung. Sprechen Sie uns einfach an, wenn Sie den gemeinwohlorientierten Sportverein als Partner bei der betrieblichen Gesundheitsf\u00f6rderung nutzen oder z.B. einfach als Betriebssportgemeinschaft an sportlichen Wettbewerben oder Events teilnehmen wollen.<\/p>\n<p><strong>Webseite<br \/>\n<\/strong><a href=\"http:\/\/www.betriebssport-nrw.de\/\" target=\"_blank\" rel=\"noopener noreferrer\">www.betriebssport-nrw.de<\/a><\/p>\n<p><strong>Logo<\/strong><\/p>\n<p><img decoding=\"async\" loading=\"lazy\" class=\"alignnone size-medium wp-image-499\" src=\"https:\/\/iv50plus.eu\/wp-content\/uploads\/2017\/03\/WBSV_Logo_V01_mit-Zusatz-1-300x257.jpg\" alt=\"\" width=\"300\" height=\"257\" \/><\/p>\n<p>[\/su_spoiler]<\/p>\n<p>[\/su_accordion]<\/p>\n","protected":false},"excerpt":{"rendered":"<p>Da wir wissen, dass wir alleine Ver\u00e4nderung in allen Schichten unserer Gesellschaft durch den demografischen Wandel nicht erreichen k\u00f6nnen, freuen wir uns \u00fcber alle Kooperationspartner. Zusammen werden wir die Herausforderung annehmen \u2013 auch mit Ihnen . . . [su_accordion] [su_spoiler title=&#8220;B&#8220; style=&#8220;fancy&#8220;] Bildungshaus Kloster Neustift \u00a0\u00a0\u00a0\u00a0\u00a0\u00a0\u00a0\u00a0\u00a0\u00a0\u00a0\u00a0\u00a0\u00a0\u00a0\u00a0\u00a0\u00a0\u00a0\u00a0\u00a0\u00a0\u00a0\u00a0\u00a0\u00a0\u00a0\u00a0\u00a0\u00a0\u00a0\u00a0\u00a0\u00a0\u00a0\u00a0\u00a0\u00a0\u00a0\u00a0\u00a0\u00a0\u00a0\u00a0\u00a0\u00a0\u00a0\u00a0\u00a0\u00a0\u00a0\u00a0\u00a0\u00a0\u00a0\u00a0\u00a0\u00a0\u00a0\u00a0\u00a0\u00a0\u00a0\u00a0\u00a0\u00a0\u00a0\u00a0\u00a0\u00a0\u00a0\u00a0\u00a0\u00a0\u00a0\u00a0\u00a0\u00a0\u00a0\u00a0\u00a0\u00a0\u00a0\u00a0\u00a0\u00a0\u00a0\u00a0\u00a0\u00a0\u00a0\u00a0\u00a0\u00a0\u00a0\u00a0\u00a0\u00a0\u00a0\u00a0\u00a0\u00a0\u00a0\u00a0\u00a0\u00a0\u00a0\u00a0\u00a0\u00a0\u00a0\u00a0\u00a0\u00a0\u00a0\u00a0\u00a0\u00a0\u00a0\u00a0\u00a0\u00a0\u00a0\u00a0\u00a0\u00a0\u00a0\u00a0\u00a0\u00a0\u00a0\u00a0\u00a0\u00a0\u00a0\u00a0\u00a0\u00a0\u00a0 Unternehmensdarstellung Eingebettet in das Augustiner Chorherrenstift Neustift bietet Ihnen [&hellip;]<\/p>\n","protected":false},"author":1,"featured_media":0,"parent":0,"menu_order":0,"comment_status":"closed","ping_status":"closed","template":"","meta":[],"_links":{"self":[{"href":"https:\/\/iv50plus.eu\/index.php?rest_route=\/wp\/v2\/pages\/225"}],"collection":[{"href":"https:\/\/iv50plus.eu\/index.php?rest_route=\/wp\/v2\/pages"}],"about":[{"href":"https:\/\/iv50plus.eu\/index.php?rest_route=\/wp\/v2\/types\/page"}],"author":[{"embeddable":true,"href":"https:\/\/iv50plus.eu\/index.php?rest_route=\/wp\/v2\/users\/1"}],"replies":[{"embeddable":true,"href":"https:\/\/iv50plus.eu\/index.php?rest_route=%2Fwp%2Fv2%2Fcomments&post=225"}],"version-history":[{"count":0,"href":"https:\/\/iv50plus.eu\/index.php?rest_route=\/wp\/v2\/pages\/225\/revisions"}],"wp:attachment":[{"href":"https:\/\/iv50plus.eu\/index.php?rest_route=%2Fwp%2Fv2%2Fmedia&parent=225"}],"curies":[{"name":"wp","href":"https:\/\/api.w.org\/{rel}","templated":true}]}}