{"id":195,"date":"2017-03-13T20:10:39","date_gmt":"2017-03-13T19:10:39","guid":{"rendered":"http:\/\/www.raphael-pohlers.de\/iv50plus\/?page_id=195"},"modified":"2017-03-13T20:10:39","modified_gmt":"2017-03-13T19:10:39","slug":"firmenmitglieder","status":"publish","type":"page","link":"https:\/\/iv50plus.eu\/?page_id=195","title":{"rendered":"Firmenmitglieder"},"content":{"rendered":"<p>Wir freuen uns sehr, dass schon so viele Unternehmen die Notwendigkeit einer Interessenvertretung f\u00fcr den demografischen Wandel und damit f\u00fcr die Menschen \u00fcber 50 Jahre erkannt haben und uns unterst\u00fctzen.<\/p>\n<p><strong><em>Als neue Mitgliedsunternehmen begr\u00fc\u00dfen wir den VNR &#8211; Verlag f\u00fcr die deutsche Wirtschaft AG und die Ingeus GmbH.<\/em><\/strong><\/p>\n<p>Wann d\u00fcrfen wir auch Sie als F\u00f6rdermitglied begr\u00fc\u00dfen??<\/p>\n<p>[su_accordion]<\/p>\n<p>[su_spoiler title=&#8220;B&#8220; style=&#8220;fancy&#8220;]<\/p>\n<h1><strong>Barbara Romanos, Coaching &amp; Leadership<\/strong><\/h1>\n<p><strong>Unternehmensdarstellung<\/strong><br \/>\nAls Coach begleite ich Menschen bei Ver\u00e4nderungsprozessen:<\/p>\n<p>ganz allgemein in ihrem Alltag oder speziell in der Karriere, bei der Umsetzung von Projekten, der Bew\u00e4ltigung von Krisen oder der Verwirklichung von Lebenstr\u00e4umen.<\/p>\n<p>Ein St\u00fcck des Weges bin ich an Ihrer Seite, mit meinem Koffer voller Coaching Handwerkszeug.<br \/>\nIch h\u00f6re Ihnen zu, stelle die Fragen, die Sie sich selbst nicht stellen und weise Sie auf Dinge hin, die Ihnen niemand sagt.<br \/>\nGemeinsam erforschen wir Ihre Potenziale, definieren Ziele und wagen Visionen. Wir setzen bewusst Glanzlichter da, wo Sie sich Ver\u00e4nderungen w\u00fcnschen. Schritt f\u00fcr Schritt f\u00fchre ich Sie achtsam und empathisch in das Leben, das Sie erf\u00fcllt und Ihre Pers\u00f6nlichkeit zur Wirkung bringt.<\/p>\n<p><strong>Mein Angebot:<\/strong><\/p>\n<ul>\n<li>Generation 55plus \u2013 Lebens\u00fcberg\u00e4nge &amp; Placement Prozesse gestalten<\/li>\n<li>Leadership \u2013 vom Manager zum Leader<\/li>\n<li>Work-Life-Balance: das Gleichgewicht halten<\/li>\n<li>Querdenker \u2013 raus aus dem Hamsterrad!<\/li>\n<\/ul>\n<p><em>\u201eIch setze bewegende Impulse, damit Sie Ihre Pers\u00f6nlichkeit zur Wirkung bringen!\u201c<\/em><\/p>\n<p><strong>Internetpr\u00e4senz<br \/>\n<\/strong><a href=\"http:\/\/www.barbararomanos.de\">www.barbararomanos.de<\/a><\/p>\n<p><strong>Logo<br \/>\n<img decoding=\"async\" loading=\"lazy\" class=\"alignnone wp-image-289 size-medium\" src=\"https:\/\/iv50plus.eu\/wp-content\/uploads\/2017\/03\/Logo-xing_pic-300x93.jpg\" alt=\"\" width=\"300\" height=\"93\" srcset=\"https:\/\/iv50plus.eu\/wp-content\/uploads\/2017\/03\/Logo-xing_pic-300x93.jpg 300w, https:\/\/iv50plus.eu\/wp-content\/uploads\/2017\/03\/Logo-xing_pic-768x237.jpg 768w, https:\/\/iv50plus.eu\/wp-content\/uploads\/2017\/03\/Logo-xing_pic.jpg 984w\" sizes=\"(max-width: 300px) 100vw, 300px\" \/><\/strong><\/p>\n<p>&nbsp;<\/p>\n<p><strong>Zertifikate<\/strong><\/p>\n<ul>\n<li>Certified Professional Co-Active Coach (CPCC)<\/li>\n<li>Asscociate Certified Coach (ACC) bei der International Coaching Federation<strong><br \/>\n<\/strong><\/li>\n<\/ul>\n<p><strong>Foto<br \/>\n<img decoding=\"async\" loading=\"lazy\" class=\"alignnone size-medium wp-image-290\" src=\"http:\/\/iv50plus.de\/wp-content\/uploads\/2017\/03\/pic_BR-200x300.jpg\" alt=\"\" width=\"200\" height=\"300\" \/><br \/>\n<\/strong><\/p>\n<hr \/>\n<hr \/>\n<p>&nbsp;<\/p>\n<h1><strong> Bellicon Deutschland GmbH<\/strong><\/h1>\n<p><strong>Unternehmensdarstellung<br \/>\n<\/strong><span style=\"font-family: Calibri, serif;\"><span lang=\"de-DE\">Die 2003 als Tochter der bellicon AG gegr\u00fcndete bellicon Deutschland GmbH hat es sich zum Ziel gemacht, Menschen mit Freude in Bewegung zu bringen. Seit 1986 wird das hochelastische Minitrampolin stetig weiterentwickelt, um den hohen Qualit\u00e4tsstandard zu garantieren. <\/span><\/span><\/p>\n<p><span style=\"font-family: Calibri, serif;\"><span lang=\"de-DE\">Die Produktion \u201eMade in Germany&#8220; sichert dies zus\u00e4tzlich. F\u00fcnf unterschiedliche Seilringst\u00e4rken geben die M\u00f6glichkeit das bellicon\u00ae an jedes Gewicht oder gesundheitliches Problem anzupassen. <\/span><\/span><\/p>\n<p><span style=\"font-family: Calibri, serif;\"><span lang=\"de-DE\">Das Minitrampolin eignet sich nicht nur ausgezeichnet als Sportger\u00e4t, sondern wird auch in vielen gesundheitlichen Einrichtungen als therapeutische Behandlungsma\u00dfnahme eingesetzt.<\/span><\/span><\/p>\n<p><span style=\"font-family: Calibri, serif;\"><span lang=\"de-DE\">Durch die Auf- und Abbewegung wirkt das Zusammenspiel aus Schwerkraft und Muskelaktivit\u00e4t effektiv auf Aufbau und St\u00e4rkung der Muskeln und Knochen. Das regelm\u00e4\u00dfige Training auf dem weichen Minitrampolin verbessert die Durchblutung sowie Reaktionsf\u00e4higkeit des Beckenbodens und die Haltef\u00e4higkeit wird erheblich gest\u00e4rkt. <\/span><\/span><\/p>\n<p><span style=\"font-family: Calibri, serif;\"><span lang=\"de-DE\">Ein leichtes Ausdauertraining wirkt zwar nicht besonders anstrengend, ist jedoch hocheffektiv, um das Herz-Kreislauf-System zu st\u00e4rken. <\/span><\/span><\/p>\n<p><span style=\"font-family: Calibri, serif;\"><span lang=\"de-DE\">Durch regelm\u00e4\u00dfige Bewegung auf dem bellicon\u00ae kann ein erh\u00f6hter Blutdruck gesenkt werden, eine der Hauptursachen f\u00fcr Herz-Kreislauf-Erkrankungen. Sanftes Schwingen bewirkt Druck- und Zugbewegungen, die eine bessere Versorgung der Bandscheiben mit Fl\u00fcssigkeit und N\u00e4hrstoffen bewirken. <\/span><\/span><\/p>\n<p><span style=\"font-family: Calibri, serif;\"><span lang=\"de-DE\">Der rhythmische Wechsel zwischen erh\u00f6hter Schwerkraft und Schwerelosigkeit sorgt f\u00fcr ein verbessertes Zusammenspiel zwischen beiden Gehirnh\u00e4lften und trainiert damit nicht nur die k\u00f6rperliche, sondern auch die geistige Fitness. Spezielle \u00dcbungen f\u00f6rdern das Gleichgewicht und optionale Haltegriffe sorgen f\u00fcr eine erh\u00f6hte die Sicherheit.<\/span><\/span><\/p>\n<p><span style=\"font-family: Calibri, serif;\"><span lang=\"de-DE\">Die au\u00dferordentliche Elastizit\u00e4t der Seilringe ist das Ergebnis langj\u00e4hriger Entwicklungsarbeit, im Jahr 2002 wurde das einzigartige Federungssystem patentiert. <\/span><\/span><\/p>\n<p><span style=\"font-family: Calibri, serif;\"><span lang=\"de-DE\">Seit 2008 ist das bellicon\u00ae als einziges Minitrampolin mit dem G\u00fctesiegel der Aktion Gesunder R\u00fccken e.V. als r\u00fcckengerecht ausgezeichnet. <\/span><\/span><\/p>\n<p><span style=\"font-family: Calibri, serif;\"><span lang=\"de-DE\">Das bellicon\u00ae Minitrampolin empfiehlt sich besonders f\u00fcr alle, die ein effektives und ganzheitliches Training suchen, welches gleichzeitig Freude an der Bewegung vermittelt.<\/span><\/span><\/p>\n<p><strong>Internetpr\u00e4senz<br \/>\n<\/strong><a href=\"https:\/\/www.bellicon.com\/de_de\/fuer-alle\/senioren\">www.bellicon.com<\/a><\/p>\n<p><strong>Logo<br \/>\n<img decoding=\"async\" loading=\"lazy\" class=\"alignnone size-medium wp-image-469\" src=\"https:\/\/iv50plus.eu\/wp-content\/uploads\/2017\/03\/Logo-bellicon_Slogan_-2016_300ppi_CMYK-300x106.png\" alt=\"\" width=\"300\" height=\"106\" srcset=\"https:\/\/iv50plus.eu\/wp-content\/uploads\/2017\/03\/Logo-bellicon_Slogan_-2016_300ppi_CMYK-300x106.png 300w, https:\/\/iv50plus.eu\/wp-content\/uploads\/2017\/03\/Logo-bellicon_Slogan_-2016_300ppi_CMYK-768x272.png 768w, https:\/\/iv50plus.eu\/wp-content\/uploads\/2017\/03\/Logo-bellicon_Slogan_-2016_300ppi_CMYK-1024x363.png 1024w\" sizes=\"(max-width: 300px) 100vw, 300px\" \/><\/strong><\/p>\n<p><img decoding=\"async\" loading=\"lazy\" class=\"alignnone size-medium wp-image-470\" src=\"https:\/\/iv50plus.eu\/wp-content\/uploads\/2017\/03\/Senioren-199x300.png\" alt=\"\" width=\"199\" height=\"300\" srcset=\"https:\/\/iv50plus.eu\/wp-content\/uploads\/2017\/03\/Senioren-199x300.png 199w, https:\/\/iv50plus.eu\/wp-content\/uploads\/2017\/03\/Senioren.png 455w\" sizes=\"(max-width: 199px) 100vw, 199px\" \/><\/p>\n<p><strong>Imagetrailer<\/strong><br \/>\n<iframe loading=\"lazy\" src=\"https:\/\/www.youtube.com\/embed\/U06tNKLLsxA\" width=\"560\" height=\"315\" frameborder=\"0\" allowfullscreen=\"allowfullscreen\"><\/iframe><br \/>\n[\/su_spoiler]<\/p>\n<p>[su_spoiler title=&#8220;C&#8220; style=&#8220;fancy&#8220;]<\/p>\n<ol>\n<li><strong>Cafe Familich<\/strong><\/li>\n<li><strong>Christel Zey\u00dfig &#8211; Business Coach &#8211; weiter-entwickeln<\/strong><\/li>\n<li><strong>Consulting Agentur &#8211; Beratungs- und Schulungsunternehmen<\/strong><\/li>\n<\/ol>\n<p>&#8212;&#8212;&#8212;&#8212;&#8212;&#8212;&#8212;&#8212;&#8212;&#8212;&#8212;&#8212;&#8212;&#8212;&#8212;&#8212;&#8212;&#8212;&#8212;&#8212;&#8212;&#8212;&#8212;&#8212;&#8212;&#8212;&#8212;&#8212;&#8212;&#8212;&#8212;&#8212;&#8212;&#8212;&#8212;&#8212;&#8212;&#8212;&#8212;&#8212;&#8212;&#8212;&#8212;&#8212;&#8212;&#8212;&#8212;&#8212;&#8212;&#8212;&#8212;&#8212;&#8212;&#8212;&#8212;&#8212;&#8212;&#8212;&#8212;&#8212;&#8212;&#8212;&#8212;&#8212;&#8212;&#8212;&#8212;&#8212;&#8212;&#8212;&#8212;&#8212;&#8212;&#8212;&#8212;&#8212;&#8212;&#8212;&#8212;&#8212;&#8212;&#8212;&#8212;&#8212;&#8212;&#8212;&#8212;&#8212;&#8212;&#8212;&#8212;&#8212;&#8212;&#8212;&#8212;&#8212;&#8212;&#8212;&#8212;&#8212;<\/p>\n<h1><strong>Cafe Familich<\/strong><\/h1>\n<p><strong>Unternehmensdarstellung<br \/>\n<\/strong>Ob alleine, zu zweit oder in der Gruppe; im Familiencaf\u00e9 <strong>Familich<\/strong> K\u00f6ln sind Alt und Jung herzlich Willkommen. Genie\u00dfen Sie unsere hausgemachten Torten und Backwaren und die t\u00e4glich wechselnden K\u00f6stlichkeiten aus unserer K\u00fcche.<\/p>\n<p>Spiel, Spa\u00df und Spannung f\u00fcr die Kleinen in der quirligen Spielewelt; gem\u00fctliche Caf\u00e9hausatmosph\u00e4re f\u00fcr die Gro\u00dfen. Genie\u00dfen Sie entspannte Stunden auf unserer gro\u00dfen Sonnenterrasse oder verabreden Sie sich zum Plaudern in der Lounge.<\/p>\n<p>Feste feiern im <strong>Familich<\/strong>; auch das ist gerne m\u00f6glich. Sprechen Sie uns an und wir besprechen gemeinsam Ihre W\u00fcnsche. Ob Geburtstagsfeier, Familienfeier, Taufe, Kommunion oder Hochzeiten &#8211; wir stellen f\u00fcr Sie gerne das passende Angebot zusammen.<\/p>\n<p><strong>\u00d6ffnungszeiten:<\/strong><br \/>\nDi-So 10.00-18.00 Uhr<br \/>\nSa \/ So Brunch von 10.00-14.00 Uhr<br \/>\nSowie nach Vereinbarung<\/p>\n<p>Wir freuen uns von Herzen auf Ihren Besuch.<\/p>\n<p><strong>Internetpr\u00e4senz<\/strong><br \/>\n<a href=\"http:\/\/www.famillich.koeln\/familiencafe.html\">http:\/\/www.famillich.koeln\/familiencafe.html<\/a><\/p>\n<p><strong>Logo<\/strong><\/p>\n<p><img decoding=\"async\" loading=\"lazy\" class=\"alignnone size-medium wp-image-628\" src=\"https:\/\/iv50plus.eu\/wp-content\/uploads\/2017\/03\/Familich_Cafe_CMYK-300x212.jpg\" alt=\"\" width=\"300\" height=\"212\" srcset=\"https:\/\/iv50plus.eu\/wp-content\/uploads\/2017\/03\/Familich_Cafe_CMYK-300x212.jpg 300w, https:\/\/iv50plus.eu\/wp-content\/uploads\/2017\/03\/Familich_Cafe_CMYK-768x543.jpg 768w, https:\/\/iv50plus.eu\/wp-content\/uploads\/2017\/03\/Familich_Cafe_CMYK-1024x724.jpg 1024w\" sizes=\"(max-width: 300px) 100vw, 300px\" \/>\u00a0\u00a0\u00a0\u00a0\u00a0 <img decoding=\"async\" loading=\"lazy\" class=\"alignnone size-medium wp-image-630\" src=\"https:\/\/iv50plus.eu\/wp-content\/uploads\/2017\/03\/Familich_Beratung_CMYK-300x212.jpg\" alt=\"\" width=\"300\" height=\"212\" srcset=\"https:\/\/iv50plus.eu\/wp-content\/uploads\/2017\/03\/Familich_Beratung_CMYK-300x212.jpg 300w, https:\/\/iv50plus.eu\/wp-content\/uploads\/2017\/03\/Familich_Beratung_CMYK-768x543.jpg 768w, https:\/\/iv50plus.eu\/wp-content\/uploads\/2017\/03\/Familich_Beratung_CMYK-1024x724.jpg 1024w\" sizes=\"(max-width: 300px) 100vw, 300px\" \/><\/p>\n<p>&#8212;&#8212;&#8212;&#8212;&#8212;&#8212;&#8212;&#8212;&#8212;&#8212;&#8212;&#8212;&#8212;&#8212;&#8212;&#8212;&#8212;&#8212;&#8212;&#8212;&#8212;&#8212;&#8212;&#8212;&#8212;&#8212;&#8212;&#8212;&#8212;&#8212;&#8212;&#8212;&#8212;&#8212;&#8212;&#8212;&#8212;&#8212;&#8212;&#8212;&#8212;&#8212;&#8212;&#8212;&#8212;&#8212;&#8212;&#8212;&#8212;&#8212;&#8212;&#8212;&#8212;&#8212;&#8212;&#8212;&#8212;&#8212;&#8212;&#8212;&#8212;&#8212;&#8212;&#8212;&#8212;&#8212;&#8212;&#8212;&#8212;&#8212;&#8212;&#8212;&#8212;&#8212;&#8212;&#8212;&#8212;&#8212;&#8212;&#8212;&#8212;&#8212;&#8212;&#8212;&#8212;&#8212;&#8212;&#8212;&#8212;&#8212;&#8212;&#8212;&#8212;&#8212;&#8212;&#8212;&#8212;&#8212;&#8212;&#8212;<\/p>\n<h1><strong>Christel Zey\u00dfig<\/strong><\/h1>\n<p><strong>Unternehmensdarstellung<\/strong><br \/>\n<a href=\"http:\/\/www.weiter-entwickeln.de\/\">Christel Zey\u00dfig<\/a> unterst\u00fctzt als Business Coach, Unternehmensberaterin und Trainerin dabei, dass sich Mitarbeitende und Unternehmen gesund und zukunftsorientiert weiterentwickeln. Aus \u00fcber 20 Jahren als F\u00fchrungskraft in der Medienbranche besitzt sie eine gro\u00dfe fachliche Breite und Tiefe in den Bereichen Gesch\u00e4ftsentwicklung, Marketing und Vertrieb. Nach ihren Studien (Kommunikation und Kultur) schloss sie zus\u00e4tzlich eine Ausbildung als Coach und Berater an der Birmelin Akademie ab. Als Gastdozentin war sie an der Leipziger Werbeakademie 8 Jahre aktiv. Sie versteht Menschen zu bewegen und zu begeistern, damit Gro\u00dfartiges entsteht.<\/p>\n<p><strong>Internetpr\u00e4senz<\/strong><br \/>\n<a href=\"http:\/\/www.weiter-entwickeln.de\">www.weiter-entwickeln.de<\/a><\/p>\n<p><strong>Imagetrailer<\/strong><br \/>\n<a href=\"https:\/\/www.youtube.com\/results?search_query=christel+zey%C3%9Fig\">https:\/\/www.youtube.com\/results?search_query=christel+zey%C3%9Fig<\/a><\/p>\n<p><strong>Logo<\/strong><\/p>\n<p><img decoding=\"async\" loading=\"lazy\" class=\"alignnone size-medium wp-image-284\" src=\"https:\/\/iv50plus.eu\/wp-content\/uploads\/2017\/03\/Anlage2-300x159.jpg\" alt=\"\" width=\"300\" height=\"159\" srcset=\"https:\/\/iv50plus.eu\/wp-content\/uploads\/2017\/03\/Anlage2-300x159.jpg 300w, https:\/\/iv50plus.eu\/wp-content\/uploads\/2017\/03\/Anlage2.jpg 482w\" sizes=\"(max-width: 300px) 100vw, 300px\" \/><\/p>\n<p>&#8212;&#8212;&#8212;&#8212;&#8212;&#8212;&#8212;&#8212;&#8212;&#8212;&#8212;&#8212;&#8212;&#8212;&#8212;&#8212;&#8212;&#8212;&#8212;&#8212;&#8212;&#8212;&#8212;&#8212;&#8212;&#8212;&#8212;&#8212;&#8212;&#8212;&#8212;&#8212;&#8212;&#8212;&#8212;&#8212;&#8212;&#8212;&#8212;&#8212;&#8212;&#8212;&#8212;&#8212;&#8212;&#8212;&#8212;&#8212;&#8212;&#8212;&#8212;&#8212;&#8212;&#8212;&#8212;&#8212;&#8212;&#8212;&#8212;&#8212;&#8212;&#8212;&#8212;&#8212;&#8212;&#8212;&#8212;&#8212;&#8212;&#8212;&#8212;&#8212;&#8212;&#8212;&#8212;&#8212;&#8212;&#8212;&#8212;&#8212;&#8212;&#8212;&#8212;&#8212;&#8212;&#8212;&#8212;&#8212;&#8212;&#8212;&#8212;&#8212;&#8212;&#8212;&#8212;&#8212;&#8212;&#8212;&#8212;&#8212;<\/p>\n<h1><strong>Consulting Agentur &#8211; Dietmar Miegel<\/strong><\/h1>\n<p><strong>Unternehmensdarstellung<br \/>\n<\/strong>Zertifiziertes Beratungs- und Schulungsunternehmen, zugelassener Weiterbildungstr\u00e4gerbetrieb (AZAV und ISO 29990)<\/p>\n<p>Konzeption, Planung und Durchf\u00fchrung von gef\u00f6rderten Weiterbildungen, Schulungen, Trainings und Umschulungen Bundesweit f\u00fcr alle Bildungsbereiche<\/p>\n<p>Besonders im Qualit\u00e4tsmanagement (ISO9001, ISO14001, 18001, SCC, SCP, EN9100, EN9110, EN9120, EASA145, EASA 21G und 21J, TS16949, IAF16949, IRIS, KTA 1401, ISO29990, AZAV und weitere)<\/p>\n<p>Optimierung Supply Chain Management, Lean Management, Prozessmanagement, Beschaffungsprozesse, Risikomanagement, Projektmanagement, Einsparpotentiale (Six Sigma Black Belt, KAIZEN, FMEA, TQM, EFQM und weitere)<\/p>\n<p>Beratung in Arbeitssicherheit, Gesundheit und Umweltschutz (SGU) auch in Kraftwerken, Sicherheitsbeauftragter und zertifizierter SCC, SCP Trainer<\/p>\n<p>Zertifizierter Datenschutzbeauftragter<\/p>\n<p>Durchf\u00fchrung von Audits (first, second and third Party) in Kooperation mit DEKRA Certification GmbH<\/p>\n<p>Durchf\u00fchrung von Prozessaudits mit Mehrwertgenerierung und Zertifizierung in Kooperation mit DEKRA Assurance Services GmbH f\u00fcr Firmen<\/p>\n<p>Die Consulting Agentur ist bereits \u00fcber 11 Jahre am Markt. \u00a0Wir bieten umfangreiche Beratungs- und Dienstleistungen auf den Gebieten des Qualit\u00e4tsmanagements in fast allen Normenbereichen an. \u00a0Spezialisiert wird wir auf den Gebieten der Luftfahrt, der Automobilindustrie, dem Bildungstr\u00e4gersegment, dem Datenschutz und in der Arbeitssicherheit.<\/p>\n<p>Die Consulting Agentur ist zertifiziert nach ISO29990 und nach AZAV.<\/p>\n<p><strong>Internetzpr\u00e4senz<\/strong><br \/>\n<a href=\"http:\/\/www.consulting-agentur.com\">www.consulting-agentur.com<\/a><\/p>\n<p><strong>Logo<\/strong><br \/>\n<img decoding=\"async\" loading=\"lazy\" class=\"alignnone size-thumbnail wp-image-234\" src=\"https:\/\/iv50plus.eu\/wp-content\/uploads\/2017\/03\/Logo-Vorlage-150x150.jpg\" alt=\"\" width=\"150\" height=\"150\" srcset=\"https:\/\/iv50plus.eu\/wp-content\/uploads\/2017\/03\/Logo-Vorlage-150x150.jpg 150w, https:\/\/iv50plus.eu\/wp-content\/uploads\/2017\/03\/Logo-Vorlage-100x100.jpg 100w\" sizes=\"(max-width: 150px) 100vw, 150px\" \/><\/p>\n<p><strong>Zertifikate<\/strong><br \/>\n<img decoding=\"async\" loading=\"lazy\" class=\"alignnone size-medium wp-image-236\" src=\"https:\/\/iv50plus.eu\/wp-content\/uploads\/2017\/03\/AZAV_ger_tc_p-215x300.jpg\" alt=\"\" width=\"215\" height=\"300\" srcset=\"https:\/\/iv50plus.eu\/wp-content\/uploads\/2017\/03\/AZAV_ger_tc_p-215x300.jpg 215w, https:\/\/iv50plus.eu\/wp-content\/uploads\/2017\/03\/AZAV_ger_tc_p.jpg 300w\" sizes=\"(max-width: 215px) 100vw, 215px\" \/> <img decoding=\"async\" loading=\"lazy\" class=\"alignnone size-medium wp-image-235\" src=\"https:\/\/iv50plus.eu\/wp-content\/uploads\/2017\/03\/29990_ger_tc_p-215x300.jpg\" alt=\"\" width=\"215\" height=\"300\" srcset=\"https:\/\/iv50plus.eu\/wp-content\/uploads\/2017\/03\/29990_ger_tc_p-215x300.jpg 215w, https:\/\/iv50plus.eu\/wp-content\/uploads\/2017\/03\/29990_ger_tc_p.jpg 300w\" sizes=\"(max-width: 215px) 100vw, 215px\" \/><\/p>\n<hr \/>\n<p>[\/su_spoiler]<\/p>\n<p>[su_spoiler title=&#8220;E&#8220; style=&#8220;fancy&#8220;]<\/p>\n<h1><strong>EFVA &#8211; F\u00fchrungs- &amp; Vertriebsakademie KG<\/strong><\/h1>\n<p><strong>Unternehmensdarstellung<br \/>\nUnsere Philosophie<\/strong><\/p>\n<p>In unserem Trainerpool finden Sie die Besten \u2013 allesamt Pers\u00f6nlichkeiten, die nicht nur Menschen schulen, sondern ihr leidenschaftliches Engagement auch vorleben.<\/p>\n<p>Trainer\/innen kommen bei uns nur auf Empfehlung in das Auswahlverfahren \u2013 wobei sie zwingend \u00fcber Verkaufs- und\/oder F\u00fchrungserfahrung verf\u00fcgen m\u00fcssen. Wir bilden auch eigene Trainer\/innen nach einem kontinuierlichen, mehrj\u00e4hrigen\u00a0 Qualifikationsprozess aus. Ferner kooperieren wir mit selbstst\u00e4ndigen Trainer\/innen, die nach ihrer jeweiligen Trainerpers\u00f6nlichkeit und ihrem individuellen Potential von uns eingesetzt werden.<\/p>\n<p>Unsere F\u00fchrungsebene, die viele Jahre mit gro\u00dfem Erfolg als Leiter der F\u00fchrungs-\/Vertriebsakademie eines europ\u00e4ischen Finanzdienstleisters Verantwortung getragen hat, \u00fcberwacht und reflektiert diese Prozesse permanent, damit die Seminarteilnehmer den maximalen Nutzen in Ihr Unternehmen einbringen.<\/p>\n<p>Schreiben Sie mit uns Erfolgsgeschichte, denn wir decken mit unterschiedlichen Pers\u00f6nlichkeiten, jahrzehntelanger Erfahrung, differenziertem Wissen und nachhaltigen Methoden alle unternehmensrelevanten Seminarthemen ab.<\/p>\n<p><strong>Perspektiven nutzen<\/strong><\/p>\n<p>\u00dcberreden war gestern \u2013 \u00fcberzeugen ist heute. Deshalb ist es so wichtig, s\u00e4mtliche Potentiale zu nutzen, um Kunden auf allen Ebenen von Ihrem Unternehmen zu begeistern. Daher ist es f\u00fcr uns ein Anliegen, die bekannten Seminarstra\u00dfen zu verlassen und auf spannenden Pfaden zum Seminarziel zu gelangen. Unser Angebot reicht vom F\u00fchrungskr\u00e4ftetraining mit Pferden, die unmittelbares Feedback unabh\u00e4ngig von hierarchischen Strukturen geben, bis hin zu faszinierenden Ideen f\u00fcr Teambuilding-Prozesse und Sonderseminare wie Kochen mit Kommunikationstraining.<\/p>\n<p>So unterschiedlich die Themen sind, so verbindlich ist eines: Wir er\u00f6ffnen neue M\u00f6glichkeiten mit nachhaltigen Aha-Effekten \u2013 dank Trainerpool von Fachseminaren bis zu komplexen Konfliktbew\u00e4ltigungsstrategien, damit alle Schnittstellen in den Unternehmen optimal zusammenwirken.<\/p>\n<p><strong>Seminararbeit beginnt mit zuh\u00f6ren<\/strong><\/p>\n<p>Wir sagen Ihnen nicht, wo es langgeht, sondern gehen darauf ein, wohin Sie wollen. Basierend auf dieser Analyse entwickeln wir Seminare, mit denen wir Ihre\u00a0 Unternehmensziele ansteuern. Denn f\u00fcr jedes Thema w\u00e4hlen wir aus unserem Pool den am besten geeigneten Coach. In kleinen Gruppen mit maximal 12 Teilnehmern arbeiten wir dann individuell, nachhaltig und hocheffizient.<\/p>\n<p>Qualifizieren und optimieren, damit alle gemeinsam profitieren \u2013 ein ganz wesentlicher Baustein dabei ist die Nachhaltigkeit, die wir durch eine weiterf\u00fchrende Betreuung nach dem Seminarende gew\u00e4hrleisten.<\/p>\n<p><strong>Mehrwert durch Synergien<\/strong><\/p>\n<p>Durch unsere feste Verankerung in leistungsstarken Netzwerken profitieren Sie von einem vielseitigen Angebot an seminarerg\u00e4nzenden Probleml\u00f6sungen. Dabei bringt jeder unserer Partner seine St\u00e4rken ganz individuell ein, sodass die Seminarteilnehmer in unserem breit aufgestellten Trainerstab auch dann den richtigen Ansprechpartner finden, wenn es um Themen wie unter anderem F\u00f6rderm\u00f6glichkeiten und Zuschussberechtigungen geht.<\/p>\n<p>Gerade weil unsere Trainer selbstst\u00e4ndig sind, wissen Sie, was Unternehmen brauchen, und k\u00f6nnen dies durch das Netzwerk sicherstellen.<\/p>\n<p><strong>Internetpr\u00e4senz<\/strong><br \/>\n<a href=\"http:\/\/www.fva-akademie.de\">www.fva-akademie.de<\/a><\/p>\n<p><strong>Logo<br \/>\n<\/strong><img decoding=\"async\" loading=\"lazy\" class=\"alignnone size-thumbnail wp-image-261\" src=\"https:\/\/iv50plus.eu\/wp-content\/uploads\/2017\/03\/Anlage7-150x150.jpg\" alt=\"\" width=\"150\" height=\"150\" srcset=\"https:\/\/iv50plus.eu\/wp-content\/uploads\/2017\/03\/Anlage7-150x150.jpg 150w, https:\/\/iv50plus.eu\/wp-content\/uploads\/2017\/03\/Anlage7-100x100.jpg 100w\" sizes=\"(max-width: 150px) 100vw, 150px\" \/><br \/>\n[\/su_spoiler]<\/p>\n<p>[su_spoiler title=&#8220;G&#8220; style=&#8220;fancy&#8220;]<\/p>\n<h1><strong>G\u00f6hrung Consult<\/strong><\/h1>\n<p><strong>Unternehmensdarstellung<br \/>\n<\/strong>G\u00f6hrung\u00a0 Consult,\u00a0Unternehmensberatung f\u00fcr Kostenoptimierung und Stresspr\u00e4vention<\/p>\n<p>Hans-J\u00fcrgen G\u00f6hrung, Diplom Volkswirt<br \/>\nSonnenberg 3, 88662 \u00dcberlingen<br \/>\nTel.: +49 (0)7551 9470575<br \/>\nMobile: +49 (0)160 96991057<br \/>\nMail: <a href=\"mailto:hgoehrung@icloud.com\">hgoehrung@icloud.com<\/a><\/p>\n<p>Als <strong>Partner der contest Unternehmensberatung<\/strong> GmbH berate ich Unternehmen bez\u00fcglich der <strong><u>Kostenoptimierung im Bereich Sach- und Nebenkosten<\/u><\/strong>. Das kann von Abfall-, Energie- \u00fcber Telekommunikations- bis hin zu Verpackungs- oder Versicherungskosten gehen. Die Kunden sind gr\u00f6\u00dfere mittelst\u00e4ndische Unternehmen aus Industrie und Handel, aber auch h\u00e4ufig Krankenh\u00e4user und Pflege- bzw. Alterseinrichtungen oder andere Organisationen. Wichtig ist es mir hierbei, dass es sich um die Verbesserung der Qualit\u00e4ts- und Kostensituation bei gleichem Personalstand dreht. Die contest Unternehmensberatung arbeitet rein <strong>erfolgs<\/strong>&#8211; und <strong>kundenorientiert<\/strong>. F\u00fcr unsere effiziente und erfolgreiche Arbeit wurden wir als <strong>TOP Consultant 2016<\/strong> ausgezeichnet.<\/p>\n<p>Termin- und Kostendruck in Unternehmen bzw. Institutionen verursachen Stressfaktoren f\u00fcr alle Beteiligten, sowohl in der F\u00fchrungsebene, als auch bei jedem einzelnen Mitarbeiter. Stress bedeutet aber \u00fcber kurz oder lang, dass im Unternehmen weitere Kosten anfallen.<\/p>\n<p>Inzwischen wei\u00df man, dass jeder EURO, den man in die Gesundheit der Mitarbeiter investiert, in der Folge bis zu zehn EURO sparen kann. Daher liegt es auf der Hand, dass Stresspr\u00e4vention bereits jetzt und zuk\u00fcnftig noch st\u00e4rker ein wichtiger Faktor f\u00fcr (auch wirtschaftlich) gesunde Unternehmen ist.<\/p>\n<p>Das Konzept \u201eWege aus der Stressfalle\u201c bietet hier Einzelpersonen, aber vor allem Firmen, egal wie gro\u00df sie sind, die tolle M\u00f6glichkeit etwas gegen diesen Kostenblock einerseits und <strong>f\u00fcr ihre Mitarbeiter<\/strong> andererseits zu tun. Alle werden davon profitieren. Da wir mit unserem bundesweiten Trainer-Netzwerk die M\u00f6glichkeit haben, Stresspr\u00e4vention \u00fcberregional (Filialbetriebe) anzubieten und dies auch noch von den gesetzlichen Krankenkassen gef\u00f6rdert wird, ist nun der richtige Zeitpunkt, sich mit diesem Thema auseinanderzusetzen und etwas zu tun, zumal der Gesetzgeber dies inzwischen f\u00fcr Unternehmen verpflichtend vorgibt.<\/p>\n<p>In Zeiten des demographischen Wandels haben besonders viele \u00e4ltere Arbeitnehmer zus\u00e4tzliche Stressfaktoren, da sie oft nicht wissen wohin die Reise vor und nach der Verrentung geht. Auch dem muss man Rechnung tragen. F\u00fcr mich bedeutet das, dass ich inzwischen Mitglied der Interessenvertretung 50Plus bin, die sich diesen speziellen Fragen widmet.<\/p>\n<p><strong>Internetpr\u00e4senz<br \/>\n<\/strong><a href=\"http:\/\/goehrung.wege-aus-der-stressfalle.de\/goehrung-consult\/\">http:\/\/goehrung.wege-aus-der-stressfalle.de\/goehrung-consult\/<\/a><\/p>\n<p><strong>Logo<br \/>\n<img decoding=\"async\" loading=\"lazy\" class=\"alignnone size-full wp-image-269\" src=\"https:\/\/iv50plus.eu\/wp-content\/uploads\/2017\/03\/Anlage5.jpg\" alt=\"\" width=\"256\" height=\"217\" \/><br \/>\n<\/strong><\/p>\n<p>[\/su_spoiler]<\/p>\n<p>[su_spoiler title=&#8220;I&#8220; style=&#8220;fancy&#8220;]<\/p>\n<ol>\n<li><strong>Ingeus GmbH<\/strong><\/li>\n<li><strong>INNOVARTIS GmbH<\/strong><\/li>\n<li><strong>In Restruct<\/strong><\/li>\n<\/ol>\n<hr \/>\n<p>&nbsp;<\/p>\n<h1><strong>Ingeus GmbH<\/strong><\/h1>\n<p><strong>Unternehmensdarstellung<\/strong><\/p>\n<p>F\u00fcr arbeitsuchende Menschen ab 50 Jahren ist es oft schwer eine neue Besch\u00e4ftigung zu finden, obwohl sie \u00fcber einen umfangreichen Erfahrungs- und Wissensschatz verf\u00fcgen. Unser Ziel ist es, arbeitsuchende Menschen dauerhaft in eine sozialversicherungspflichtige Besch\u00e4ftigung zu bringen.<br \/>\nDie Ingeus GmbH unterst\u00fctzt seit 2006 arbeitslose Menschen erfolgreich bei der nachhaltigen Integration in den ersten Arbeitsmarkt. Wir haben deutschlandweit langj\u00e4hrige Erfahrungen in der Zusammenarbeit mit arbeitslosen Menschen, die sich in der Mitte ihres Lebens neu auf dem Arbeitsmarkt aufstellen wollen oder m\u00fcssen.<\/p>\n<p>In unseren individuellen Einzelcoachings stehen die beruflichen Ziele im Mittelpunkt. Unsere erfahrenen Coaches begleiten die Best Ager professionell und kompetent. Sie wissen, worauf die Personalverantwortlichen Wert legen, optimieren zusammen die Bewerbungsunterlagen und kennen die besten Strategien, um das passende Unternehmen zu finden. Je nach Bedarf arbeiten die Arbeitsuchenden mit ihrem pers\u00f6nlichen Coach am Umgang mit biographischen Br\u00fcchen und m\u00f6glichen Blockaden, \u00fcben Vorstellungsgespr\u00e4che oder planen ihre zuk\u00fcnftigen Karriere- und Weiterbildungswege.<\/p>\n<p><strong>Internetpr\u00e4senz<\/strong><\/p>\n<p><a href=\"http:\/\/www.ingeus.de\">www.ingeus.de<\/a><\/p>\n<p><strong>Logo<\/strong><\/p>\n<p><img decoding=\"async\" loading=\"lazy\" class=\"alignnone wp-image-639\" src=\"https:\/\/iv50plus.eu\/wp-content\/uploads\/2017\/03\/Ingeus-Bridge-Logo-Full-Colour-300x159.jpg\" alt=\"\" width=\"204\" height=\"108\" srcset=\"https:\/\/iv50plus.eu\/wp-content\/uploads\/2017\/03\/Ingeus-Bridge-Logo-Full-Colour-300x159.jpg 300w, https:\/\/iv50plus.eu\/wp-content\/uploads\/2017\/03\/Ingeus-Bridge-Logo-Full-Colour-768x407.jpg 768w, https:\/\/iv50plus.eu\/wp-content\/uploads\/2017\/03\/Ingeus-Bridge-Logo-Full-Colour-1024x542.jpg 1024w\" sizes=\"(max-width: 204px) 100vw, 204px\" \/><\/p>\n<p><strong>Zertifikat<\/strong><\/p>\n<p><img decoding=\"async\" loading=\"lazy\" class=\"alignnone wp-image-640\" src=\"https:\/\/iv50plus.eu\/wp-content\/uploads\/2017\/03\/Zert-Logo-AZAV_Tr\u00e4ger-300x300.jpg\" alt=\"\" width=\"151\" height=\"151\" srcset=\"https:\/\/iv50plus.eu\/wp-content\/uploads\/2017\/03\/Zert-Logo-AZAV_Tr\u00e4ger-300x300.jpg 300w, https:\/\/iv50plus.eu\/wp-content\/uploads\/2017\/03\/Zert-Logo-AZAV_Tr\u00e4ger-150x150.jpg 150w, https:\/\/iv50plus.eu\/wp-content\/uploads\/2017\/03\/Zert-Logo-AZAV_Tr\u00e4ger-768x768.jpg 768w, https:\/\/iv50plus.eu\/wp-content\/uploads\/2017\/03\/Zert-Logo-AZAV_Tr\u00e4ger-1024x1024.jpg 1024w, https:\/\/iv50plus.eu\/wp-content\/uploads\/2017\/03\/Zert-Logo-AZAV_Tr\u00e4ger-100x100.jpg 100w, https:\/\/iv50plus.eu\/wp-content\/uploads\/2017\/03\/Zert-Logo-AZAV_Tr\u00e4ger.jpg 1436w\" sizes=\"(max-width: 151px) 100vw, 151px\" \/><\/p>\n<p><strong>Video<\/strong><\/p>\n<p><iframe loading=\"lazy\" width=\"800\" height=\"450\" src=\"https:\/\/www.youtube.com\/embed\/iMl_Ay1HKFY?feature=oembed\" frameborder=\"0\" allowfullscreen><\/iframe><\/p>\n<p>&#8212;&#8212;&#8212;&#8212;&#8212;&#8212;&#8212;&#8212;&#8212;&#8212;&#8212;&#8212;&#8212;&#8212;&#8212;&#8212;&#8212;&#8212;&#8212;&#8212;&#8212;&#8212;&#8212;&#8212;&#8212;&#8212;&#8212;&#8212;&#8212;&#8212;&#8212;&#8212;&#8212;&#8212;&#8212;&#8212;&#8212;&#8212;&#8212;&#8212;&#8212;&#8212;&#8212;&#8212;&#8212;&#8212;&#8212;&#8212;&#8212;&#8212;&#8212;&#8212;&#8212;&#8212;&#8212;&#8212;&#8212;&#8212;&#8212;&#8212;&#8212;&#8212;&#8212;&#8212;&#8212;&#8212;&#8212;&#8212;&#8212;&#8212;&#8212;&#8212;&#8212;&#8212;&#8212;&#8212;&#8212;&#8212;&#8212;&#8212;&#8212;&#8212;&#8212;&#8212;&#8212;&#8212;&#8212;&#8212;&#8212;&#8212;&#8212;&#8212;&#8212;&#8212;&#8212;&#8212;&#8212;&#8212;&#8212;&#8212;<\/p>\n<h1><strong>INNOVARTIS GmbH<\/strong><\/h1>\n<p><strong>Unternehmensdarstellung<\/strong><\/p>\n<p>Die INNOVARTIS GmbH ist ein international t\u00e4tiges Unternehmen mit Hauptsitz in Bremerhaven. Das Unternehmen verf\u00fcgt \u00fcber langj\u00e4hrige und enge Kooperationen mit kreativen und \u00e4u\u00dferst leistungsf\u00e4higen Universit\u00e4ten in unterschiedlichen L\u00e4ndern der Erde.<\/p>\n<p>Gemeinsam mit einer dieser Universit\u00e4t wurde in zweij\u00e4hriger Forschungsarbeit ein Produkt entwickelt, welches effektiv und mit geringstem Aufwand bei \u201eJedem\u201c eine hohe pr\u00e4ventive Wirkung erzielt. Die internationale Gesundheitsorganisation Medicina Alternative empfiehlt nach durchgef\u00fchrter Evaluierung (Untersuchung und Bewertung) die patentierte Gesundheitssohle \u201eSHUKANG\u201c zur Verbesserung des Wohlbefindens. Auf Grund seiner hohen pr\u00e4ventiven Wirkung und seiner Produktqualit\u00e4t wurde \u201eSHUKANG\u201c f\u00fcr den Oskar der Gesundheitsbranche\u00a0 \u2013 den HEALTH MEDIA AWARD \u2013 nominiert. Weitere Informationen finden Sie dazu unter: \u00a0<a href=\"http:\/\/www.shukang.eu\/\">http:\/\/www.shukang.eu\/<\/a><\/p>\n<p><strong>Internetpr\u00e4senz<\/strong><\/p>\n<p><a href=\"http:\/\/www.shukang.eu\/\">http:\/\/www.shukang.eu\/<\/a><\/p>\n<p><strong>Logo<\/strong><\/p>\n<p><img decoding=\"async\" loading=\"lazy\" class=\"alignnone wp-image-606\" src=\"https:\/\/iv50plus.eu\/wp-content\/uploads\/2017\/03\/LOGO-INNOVARTIS-300x188.jpg\" alt=\"\" width=\"251\" height=\"157\" srcset=\"https:\/\/iv50plus.eu\/wp-content\/uploads\/2017\/03\/LOGO-INNOVARTIS-300x188.jpg 300w, https:\/\/iv50plus.eu\/wp-content\/uploads\/2017\/03\/LOGO-INNOVARTIS-768x480.jpg 768w, https:\/\/iv50plus.eu\/wp-content\/uploads\/2017\/03\/LOGO-INNOVARTIS-1024x640.jpg 1024w\" sizes=\"(max-width: 251px) 100vw, 251px\" \/><\/p>\n<p><strong>Video<\/strong><\/p>\n<p><iframe loading=\"lazy\" width=\"800\" height=\"450\" src=\"https:\/\/www.youtube.com\/embed\/VrI81V2ZhQk?feature=oembed\" frameborder=\"0\" allowfullscreen><\/iframe><\/p>\n<p>______________________________________________________________________________________________________________________________________________________________________________<\/p>\n<p>&nbsp;<\/p>\n<h1><strong>IN RESTRUCT<\/strong><\/h1>\n<p><strong>Unternehmensdarstellung<br \/>\n<\/strong>Text folgt&#8230;<\/p>\n<p><strong>Internetpr\u00e4senz<br \/>\n<\/strong><a href=\"http:\/\/www.inrestruct.com\">www.inrestruct.com<\/a><\/p>\n<p><strong>Logo<\/strong><\/p>\n<p>______________________________________________________________________________________________________________________________________________________________________________<\/p>\n<p>[\/su_spoiler]<\/p>\n<p>[su_spoiler title=&#8220;J&#8220; style=&#8220;fancy&#8220;]<\/p>\n<h1><strong>JURA DIREKT GmbH<\/strong><\/h1>\n<p><strong>Unternehmensdarstellung<\/strong><\/p>\n<p>JURA DIREKT begleitet bei der Erledigung der Vollmachten und Verf\u00fcgungen. Ihnen steht eine spezielle, rechtsanwaltliche Software zur Verf\u00fcgung, in der Sie Ihre Stammdaten sowie pers\u00f6nliche W\u00fcnsche und Vorstellungen zu Ihren Vollmachten einfach und sicher online festlegen. Ein Ansprechpartner begleitet Sie bei der Softwareanwendung zur Datenerfassung. Die Erstellung der Vollmachten, die inhaltliche \u00dcberpr\u00fcfung sowie die rechtliche Beurteilung und Bewertung der Angaben \u00fcbernehmen kooperierende Rechtsanw\u00e4lte nach den vom Mandanten festgelegten Inhalten. Die ausstellenden Rechtsanw\u00e4lte best\u00e4tigen das pers\u00f6nliche Mandatsverh\u00e4ltnis schriftlich und haften f\u00fcr den Inhalt der Dokumente. Das Ergebnis: von Rechtsanw\u00e4lten erstellte und gepr\u00fcfte, verbindliche Vollmachten nach pers\u00f6nlichen Vorstellungen, inklusive dauerhafter Sorgfalt f\u00fcr die Dokumente durch den JURA DIREKT Service (siehe Kasten). Mit der Zertifizierung des JURA DIREKT Services durch den T\u00dcV Rheinland Anfang 2017 ist die hohe Servicequalit\u00e4t zus\u00e4tzlich untermauert. Und f\u00fcr Selbst\u00e4ndige und Unternehmer gilt: \u201eAuch f\u00fcr den gesch\u00e4ftlichen Bereich ist alles geregelt und bleibt auf dem Laufenden\u201c, res\u00fcmiert Domenico Anic, Gesellschafter Gesch\u00e4ftsf\u00fchrer von JURA DIREKT.<\/p>\n<p><strong>Internetpr\u00e4senz<\/strong><\/p>\n<p><img decoding=\"async\" loading=\"lazy\" class=\"alignnone wp-image-597\" src=\"https:\/\/iv50plus.eu\/wp-content\/uploads\/2017\/03\/JD_webbanner_468x60px_02_move_wer-entscheidet-300x250.gif\" alt=\"\" width=\"257\" height=\"214\" \/><\/p>\n<p><a href=\"http:\/\/www.glueck.juradirekt.com\">www.juradirekt.com<\/a><\/p>\n<p><strong>Logo<\/strong><\/p>\n<p><img decoding=\"async\" loading=\"lazy\" class=\"alignnone size-medium wp-image-596\" src=\"https:\/\/iv50plus.eu\/wp-content\/uploads\/2017\/03\/rr_jd_logo_mitSlogan-300x60.jpg\" alt=\"\" width=\"300\" height=\"60\" srcset=\"https:\/\/iv50plus.eu\/wp-content\/uploads\/2017\/03\/rr_jd_logo_mitSlogan-300x60.jpg 300w, https:\/\/iv50plus.eu\/wp-content\/uploads\/2017\/03\/rr_jd_logo_mitSlogan-768x154.jpg 768w, https:\/\/iv50plus.eu\/wp-content\/uploads\/2017\/03\/rr_jd_logo_mitSlogan-1024x205.jpg 1024w, https:\/\/iv50plus.eu\/wp-content\/uploads\/2017\/03\/rr_jd_logo_mitSlogan.jpg 1300w\" sizes=\"(max-width: 300px) 100vw, 300px\" \/><\/p>\n<p><strong>Zertifikate<\/strong><\/p>\n<p><img decoding=\"async\" loading=\"lazy\" class=\"alignnone size-medium wp-image-612\" src=\"https:\/\/iv50plus.eu\/wp-content\/uploads\/2017\/03\/Zertifikat-Service-212x300.jpg\" alt=\"\" width=\"212\" height=\"300\" srcset=\"https:\/\/iv50plus.eu\/wp-content\/uploads\/2017\/03\/Zertifikat-Service-212x300.jpg 212w, https:\/\/iv50plus.eu\/wp-content\/uploads\/2017\/03\/Zertifikat-Service-768x1086.jpg 768w, https:\/\/iv50plus.eu\/wp-content\/uploads\/2017\/03\/Zertifikat-Service-724x1024.jpg 724w, https:\/\/iv50plus.eu\/wp-content\/uploads\/2017\/03\/Zertifikat-Service.jpg 794w\" sizes=\"(max-width: 212px) 100vw, 212px\" \/><\/p>\n<p>Kundenzufriedenheit: <a href=\"https:\/\/www.ekomi.de\/bewertungen-juradirektcom.html\">https:\/\/www.ekomi.de\/bewertungen-juradirektcom.html<\/a><\/p>\n<p>[\/su_spoiler]<\/p>\n<p>[su_spoiler title=&#8220;K&#8220; style=&#8220;fancy&#8220;]<\/p>\n<h1><strong>KAJ-Immobilien<\/strong><\/h1>\n<p><strong>Unternehmensdarstellung<\/strong><\/p>\n<p>Als engagierte Immobilienmaklerin und Firmeninhaberin von KAJ-Immobilien setze ich mich seit Jahren daf\u00fcr ein, f\u00fcr meine Kunden &#8211; Immobilienverk\u00e4ufer wie auch Immobilienk\u00e4ufer \u2013 optimale L\u00f6sungen zu finden.<\/p>\n<p><em>Verkauf einer Immobilie<\/em><\/p>\n<p>Ich unterst\u00fctze Immobilienverk\u00e4ufer in allen Belangen des Verkaufs, von der marktgerechten Immobilienbewertung bis zum aktiven, individuell auf Ihre Immobilie zugeschnittenen, zielgruppenspezifischen Marketingkonzept, um aus einem Verkauf einen Erfolg f\u00fcr den Verk\u00e4ufer zu machen.\u00a0\u00a0\u00a0\u00a0\u00a0\u00a0\u00a0\u00a0\u00a0\u00a0\u00a0\u00a0\u00a0\u00a0\u00a0\u00a0\u00a0\u00a0\u00a0\u00a0\u00a0\u00a0\u00a0\u00a0\u00a0\u00a0\u00a0\u00a0\u00a0\u00a0\u00a0\u00a0\u00a0\u00a0\u00a0\u00a0\u00a0\u00a0\u00a0\u00a0\u00a0\u00a0\u00a0\u00a0\u00a0\u00a0\u00a0\u00a0\u00a0\u00a0\u00a0\u00a0\u00a0\u00a0\u00a0\u00a0\u00a0\u00a0\u00a0\u00a0\u00a0\u00a0\u00a0\u00a0\u00a0\u00a0\u00a0\u00a0\u00a0\u00a0\u00a0\u00a0\u00a0\u00a0\u00a0\u00a0\u00a0\u00a0\u00a0\u00a0\u00a0\u00a0\u00a0\u00a0\u00a0\u00a0\u00a0\u00a0\u00a0\u00a0\u00a0\u00a0\u00a0\u00a0\u00a0\u00a0\u00a0\u00a0\u00a0\u00a0\u00a0\u00a0\u00a0\u00a0\u00a0\u00a0\u00a0\u00a0\u00a0\u00a0\u00a0\u00a0\u00a0\u00a0\u00a0\u00a0\u00a0\u00a0\u00a0\u00a0\u00a0\u00a0\u00a0\u00a0\u00a0\u00a0\u00a0\u00a0\u00a0\u00a0\u00a0\u00a0\u00a0\u00a0\u00a0\u00a0\u00a0\u00a0\u00a0\u00a0\u00a0\u00a0\u00a0\u00a0\u00a0\u00a0\u00a0\u00a0\u00a0 Dabei stehen Offenheit, Transparenz und die Ber\u00fccksichtigung der W\u00fcnsche meiner Kunden f\u00fcr mich an oberster Stelle.<strong><br \/>\n<\/strong><\/p>\n<p><em>Verrentung einer Immobilie<\/em><\/p>\n<p>Im Laufe meiner T\u00e4tigkeit und durch viele Gespr\u00e4che mit Immobilieneigent\u00fcmer habe ich festgestellt, dass immer mehr Senioren vor einem Problem stehen:<\/p>\n<p>Sie haben und leben zwar in einer (fast) bezahlten eigenen\u00a0 Immobilie \u2013 Haus oder Wohnung \u2013 und sparen sich so die Miete und doch sind sie knapp bei Kasse. Diese Tatsache hat mich bewogen nach innovativen M\u00f6glichkeiten zu suchen.<\/p>\n<p>Mit der Immobilienverrentung ist es Immobilieneigent\u00fcmern m\u00f6glich geworden, zum Beispiel im eigenen Haus wohnen zu bleiben, abgesichert als Wohnrecht im Grundbuch. Der Unterschied zum \u201eklassischen\u201c Verkauf besteht vornehmlich in einer ge\u00e4nderten Zahlungsmodalit\u00e4t. Der K\u00e4ufer \u2013 Investor oder gemeinn\u00fctzige Organisation \u2013 zahlt statt dem Kaufpreis eine monatliche Rente als befristete Zeitrente oder als Leibrente auf Lebenszeit. \u00dcber die Gestaltungsm\u00f6glichkeit der Verrentung entscheidet der Immobilienverk\u00e4ufer.<\/p>\n<p><em>Objektsuche<\/em><\/p>\n<p>Mit einem individuellen Such-Profil finde ich f\u00fcr den Kaufinteressenten die Immobilie, die zu ihm passt.<\/p>\n<p><em>Vermietung<\/em><\/p>\n<p>Mit einem umfassenden Rundum-Service, steht eine Vermietungsimmobilie nicht lange leer.<\/p>\n<p><strong>Internetpr\u00e4senz<\/strong><\/p>\n<p><a href=\"http:\/\/www.kaj-immobilien.de\">www.kaj-immobilien.de<\/a>.<\/p>\n<p><strong>Logo<\/strong><\/p>\n<p><img decoding=\"async\" loading=\"lazy\" class=\"alignnone size-full wp-image-614\" src=\"https:\/\/iv50plus.eu\/wp-content\/uploads\/2017\/03\/Kaj_logoLong_250px.jpg\" alt=\"\" width=\"250\" height=\"95\" \/><br \/>\n[\/su_spoiler]<\/p>\n<p>[su_spoiler title=&#8220;M&#8220; style=&#8220;fancy&#8220;]<\/p>\n<h1><strong>Malte Fischer Team<\/strong><\/h1>\n<p><strong>Unternehmensdarstellung<br \/>\n<\/strong>Willkommen beim\u00a0\u00a0Malte Fischer Team &#8211; Aus Erfahrung besser.<\/p>\n<p><strong>Unternehmen unterliegen einem st\u00e4ndigen Wandel, damit dieser gelingt, sind wir f\u00fcr Sie ganzheitlich beratend t\u00e4tig.<\/strong><\/p>\n<p>Seit \u00fcber 30 Jahren ber\u00e4t das &#8222;MFT&#8220; erfolgreich national und internationale Unternehmen in unterschiedlichen Branchen. Unsere langj\u00e4hrigen und vertrauensvollen Kundenbeziehungen basieren auf unserer leistungs- und zielorientierten Arbeitsweise, die wir auf den sich st\u00e4ndig wandelnden Beratungsbedarf einstellen.<\/p>\n<p>Der umfangreiche Erfahrungsaustausch mit unseren Kunden bildet eine solide Basis f\u00fcr die erfolgreiche Abwicklung der Beratungsprojekte.<\/p>\n<p>Aufgrund der dynamischen Markt- und Unternehmensentwicklungen in fast allen Wirtschaftsbereichen kommen auf Unternehmer und Manager immer gr\u00f6\u00dfere Aufgaben zu. Die Firmenpolitik in den Unternehmen wird zunehmend komplexer und durch staatliche Vorschriften, gesetzliche Regelungen sowie Globalisierung der M\u00e4rkte bestimmt.<\/p>\n<p>Als Berater wollen wir aktive Unternehmen, die in dynamischen M\u00e4rkten t\u00e4tig sind, zukunftsorientiert beraten.<\/p>\n<p>Wir wollen neue Ideen integrieren, daraus mit Ihnen neue Konzepte entwickeln, um dann die erforderlichen Ma\u00dfnahmen gemeinsam mit allen Beteiligten umzusetzen.<\/p>\n<p>Verantwortliches Handeln gegen\u00fcber allen unseren Partnern ist Grundvoraussetzung auf dem gemeinsamen Weg zum Erfolg.<\/p>\n<p>Wir sind als Ihre zuk\u00fcnftige Unternehmens- und Personalberatungsgesellschaft ein hochqualifiziertes Dienstleistungsunternehmen von Spezialisten f\u00fcr Entscheidungstr\u00e4ger der Wirtschaft.<\/p>\n<p>Im Mittelpunkt unserer Beratungst\u00e4tigkeit steht der Mensch \u2013 ohne seine fachliche und pers\u00f6nliche Kompetenz lassen sich keine Prozesse gestalten.<\/p>\n<p>Die langj\u00e4hrige Erfahrung der Berater sowie das Wissen aller anderen Mitarbeiter im Team sind Grundlagen des gemeinsamen Erfolges.<\/p>\n<p>Komplexe, dynamische M\u00e4rkte und aktiv handelnde Unternehmen verlangen Mitarbeiter und Berater mit speziellen Kenntnissen und F\u00e4higkeiten, um aus der Vielzahl von Einzelprozessen ein verl\u00e4ssliches Gesamtbild als Grundlage zukunftsgerichteter unternehmerischer Entscheidungsprozesse zu gewinnen.<\/p>\n<p>Angesichts des zunehmenden Kostendrucks ist es jedoch im Unternehmen nicht l\u00e4nger m\u00f6glich, in Stabsstellen oder Fachabteilungen hochqualifizierten Sachverstand vorzuhalten. Moderne Schlagworte sind hier \u201eOutsourcing\u201c und\u00a0 \u201eLean Management\u201c.<\/p>\n<p>Deshalb wird der Bedarf nach unternehmerischem Know-how in zunehmendem Ma\u00dfe nur \u00fcber die zeitlich befristete Einschaltung externer Leistungstr\u00e4ger sinnvoll in der Zukunft zu decken sein.<\/p>\n<p>Effizienzsteigerung f\u00fcr alle Kunden ist dabei eine st\u00e4ndige Herausforderung.<\/p>\n<p>Dieses Selbstverst\u00e4ndnis bedingt, dass die jeweiligen Aufgabenstellungen nicht im Rahmen einer standardisierten Vorgehensweise erarbeitet werden. Unsere Beratungsleistung ist individuell.<\/p>\n<p>Mit unserem ganzheitlichen Beratungsansatz bieten wir seit 1982 bis heute einem gro\u00dfen Kundenkreis erfolgreiche Perspektiven.<\/p>\n<p><strong>Internetpr\u00e4senz<br \/>\n<\/strong><strong><a href=\"http:\/\/www.maltefischer-team.de\/\">http:\/\/www.maltefischer-team.de\/<\/a><\/strong><\/p>\n<p>&nbsp;<\/p>\n<hr \/>\n<hr \/>\n<p>&nbsp;<\/p>\n<h1><strong>Medienmeister<\/strong><\/h1>\n<p><strong>Unternehmensdarstellung<\/strong><br \/>\nAls PR-Beraterin und Social Media Managerin macht Beatrix von Kalben klein-und mittelst\u00e4ndische Unternehmen, kirchliche Einrichtungen und Verb\u00e4nde sichtbar. \u00dcber 30 Jahre arbeitet sie als TV- und Online-Journalistin haupts\u00e4chlich f\u00fcr den WDR, arte, ARD und ZDF. Jetzt bloggt sie als selbstst\u00e4ndige Publizistin. Ihre F\u00e4higkeiten, erworben in \u00fcber 30 Jahren Medienarbeit, bringt sie geb\u00fcndelt in ihre Arbeit als Dozentin und Trainerin ein. In Ihrem Vortrag \u201eSichtbar werden im Netz!\u201c zeigt die Netzexpertin, wie man sich heute im Internet eine kostenfreie und professionelle Pr\u00e4sens aufbauen kann.<\/p>\n<p><strong>Internetpr\u00e4senz<\/strong><br \/>\n<a href=\"http:\/\/www.medienmeister.com\">www.medienmeister.com<\/a><\/p>\n<p>[\/su_spoiler]<\/p>\n<p>[su_spoiler title=&#8220;N&#8220; style=&#8220;fancy&#8220;]<\/p>\n<h1><strong>Noriskers GmbH &#8211; Versicherungsvermittlung<\/strong><\/h1>\n<p><strong>Unternehmensdarstellung<br \/>\n<\/strong>Wir betreuen und begleiten Unternehmen, Selbstst\u00e4ndige und F\u00fchrungskr\u00e4fte ertrags- und wachstumsbewusst in den Bereichen Planung, F\u00fchrung, Entwicklung und Absicherung. Als Spezialist f\u00fcr betriebliche Versicherungen fokussieren wir unternehmerische Risiken und l\u00f6sen sie individuell und nachhaltig.<br \/>\nNeben den betrieblichen Versicherungen, haben wir uns auf die biometrischen Risiken spezialisiert. Besonderes Augenmerkt legen wir auf die Absicherung von schweren Krankheiten, der Berufsunf\u00e4higkeit und der gro\u00dfen Deckungsl\u00fccke bei der Pflegeabsicherung.<br \/>\nWir beraten auch gerne im Kundenauftrag: Versicherungs- und Finanzdienstleistungsgesellschaften sowie einzelnen Versicherungsvermittlern bieten wir als Ventill\u00f6sung eine ganzheitliche Absicherung Ihrer gewerblichen und selbstst\u00e4ndigen Kunden an.<br \/>\nEine auf die Unternehmung abgestimmte Absicherung kann nur erfolgen, sofern die vorhandenen Risiken und erforderlichen Daten aufgenommen und besprochen werden.<br \/>\nDanach werden wir dann ein Konzept und einen L\u00f6sungsvorschlag erarbeiten.<br \/>\nInformieren Sie sich \u00fcber unser Leistungsspektrum \u2013 wir freuen uns auf Ihre Anfrage und helfen gerne mit einer <a href=\"http:\/\/noriskers.de\/versicherungsangebote\">Versicherungsempfehlung<\/a>.<\/p>\n<p><strong>Internetpr\u00e4senz<\/strong><br \/>\n<a href=\"http:\/\/www.noriskers.de\">www.noriskers.de<\/a><\/p>\n<p><strong>Logo<br \/>\n<img decoding=\"async\" loading=\"lazy\" class=\"alignnone size-full wp-image-278\" src=\"https:\/\/iv50plus.eu\/wp-content\/uploads\/2017\/03\/Anlage8.jpg\" alt=\"\" width=\"397\" height=\"84\" srcset=\"https:\/\/iv50plus.eu\/wp-content\/uploads\/2017\/03\/Anlage8.jpg 397w, https:\/\/iv50plus.eu\/wp-content\/uploads\/2017\/03\/Anlage8-300x63.jpg 300w\" sizes=\"(max-width: 397px) 100vw, 397px\" \/><br \/>\n<\/strong><br \/>\n[\/su_spoiler]<\/p>\n<p>[su_spoiler title=&#8220;R&#8220; style=&#8220;fancy&#8220;]<\/p>\n<h1><strong>Redaktionsb\u00fcro Frank Wirtjes Wetzlar<\/strong><\/h1>\n<p>Unternehmensdarstellung<\/p>\n<p>Ich bin seit Ende 1999 als freier Journalist, Texter, \u00dcbersetzer, Autor und Coautor t\u00e4tig. Als solcher verfasse ich Texte f\u00fcr Unternehmenswebsites, Image- und Kundenmagazine, Reden, et cetera, sowohl auf Deutsch als auch auf Englisch. Dank meines Netzwerks aus weiteren freien Autoren, professionellem Grafiker\/Layouter und Lektorat werde ich auch Sie und\/oder Ihr Unternehmen professionell in Szene setzen. Zudem besteht \u00fcber meinen Kooperationspartner die M\u00f6glichkeit professioneller Durchf\u00fchrung von Incentives und Events sowie die Einbindung von Prominenten und Stars als Werbetr\u00e4ger.<\/p>\n<p>Zu meinem Portfolio geh\u00f6ren:<br \/>\n&#8211; Pressemitteilungen<br \/>\n&#8211; Reden<br \/>\n&#8211; Texte f\u00fcr Websites bzw Webshops<br \/>\n&#8211; Texte f\u00fcr Image-, Kunden- und andere Magazine<br \/>\n&#8211; Komplette Gestaltung von Image-, Kunden- und anderen Magazinen bis zur fertigen Druckvorlage (auf Wunsch auch inklusive Druck)<br \/>\n&#8211; Portraits von Personen, Teams und Unternehmen<br \/>\n&#8211; Co-Autor und Ghostwriter<br \/>\n&#8211; Andere Dienstleistungen wie die Abwicklung kompletter Projekte im Print- sowie Onlinebereich<br \/>\n&#8211; Professionelle Durchf\u00fchrung von Incentives und Events (Kooperationspartner)<br \/>\n&#8211; Einbindung von Prominenten und Stars als Werbetr\u00e4ger<br \/>\n&#8211; Das, was Sie suchen, ist nicht aufgef\u00fchrt? Fragen Sie mich trotzdem!<\/p>\n<p><strong>Internetpr\u00e4senz<br \/>\n<\/strong><a href=\"https:\/\/www.xing.com\/profile\/Frank_Wirtjes\">www.xing.com\/Frank_Wirtjes<\/a><\/p>\n<p><strong>Logo<br \/>\n<img decoding=\"async\" loading=\"lazy\" class=\"alignnone size-medium wp-image-479\" src=\"https:\/\/iv50plus.eu\/wp-content\/uploads\/2017\/03\/FW-Logo-gro\u00df-300x149.jpg\" alt=\"\" width=\"300\" height=\"149\" srcset=\"https:\/\/iv50plus.eu\/wp-content\/uploads\/2017\/03\/FW-Logo-gro\u00df-300x149.jpg 300w, https:\/\/iv50plus.eu\/wp-content\/uploads\/2017\/03\/FW-Logo-gro\u00df.jpg 535w\" sizes=\"(max-width: 300px) 100vw, 300px\" \/><\/strong><\/p>\n<p><strong>Foto<br \/>\n<\/strong><\/p>\n<p><img decoding=\"async\" loading=\"lazy\" class=\"size-medium wp-image-480\" src=\"https:\/\/iv50plus.eu\/wp-content\/uploads\/2017\/03\/FW-2-225x300.jpg\" alt=\"\" width=\"225\" height=\"300\" srcset=\"https:\/\/iv50plus.eu\/wp-content\/uploads\/2017\/03\/FW-2-225x300.jpg 225w, https:\/\/iv50plus.eu\/wp-content\/uploads\/2017\/03\/FW-2.jpg 768w\" sizes=\"(max-width: 225px) 100vw, 225px\" \/><br \/>\n[\/su_spoiler]<\/p>\n<p>[su_spoiler title=&#8220;S&#8220; style=&#8220;fancy&#8220;]<\/p>\n<h1><strong>SpendEffekt<\/strong><\/h1>\n<p>Unternehmensdarstellung<\/p>\n<p>SpendEffekt ist eine Unternehmensberatung, die sich auf die Reduzierung der Ausgleichsabgabe spezialisiert hat. Diese wird f\u00fcr Unternehmen f\u00e4llig, die mehr als 20 Mitarbeiter besch\u00e4ftigen, aber aus diversen Gr\u00fcnden nicht in der Lage sind, f\u00fcnf Prozent ihrer Arbeitspl\u00e4tze mit Schwerbehinderten zu besetzen. Wir von SpendEffekt helfen durch unser auf Sachspenden basiertes Konzept nicht nur Ihrem Unternehmen, sondern auch hilfsbed\u00fcrftigen und behinderten Menschen.<\/p>\n<p><strong>Internetpr\u00e4senz<\/strong><br \/>\n<a href=\"http:\/\/www.spendeffekt.com\/\">http:\/\/www.spendeffekt.com\/<\/a><\/p>\n<p><strong>Imagetrailer<\/strong><br \/>\n<a href=\"https:\/\/youtu.be\/NiX42RcFTJ4\">https:\/\/youtu.be\/NiX42RcFTJ4<\/a><\/p>\n<p><strong>Logo<br \/>\n<\/strong>\u00a0<img decoding=\"async\" loading=\"lazy\" class=\"alignnone size-full wp-image-280\" src=\"https:\/\/iv50plus.eu\/wp-content\/uploads\/2017\/03\/Anlage6.png\" alt=\"\" width=\"150\" height=\"135\" \/><\/p>\n<p>&nbsp;<\/p>\n<hr \/>\n<hr \/>\n<p>&nbsp;<\/p>\n<h1><strong>Stefan B\u00f6sebeck Consulting<\/strong><\/h1>\n<p><strong>Unternehmensdarstellung<br \/>\n<\/strong>Kunden von Stefan B\u00f6sebeck sind mittelst\u00e4ndische Dienstleister, die besonders die etwas andere Art der Beratung sch\u00e4tzen \u2013 getreu dem Unternehmensmotto: \u201eeinfach anders beraten\u201c. Die Themen seines Teams sind Managementsysteme &#8211; zum Beispiel Qualit\u00e4tsmanagement nach DIN EN ISO 9001 \u2013 und Marketingsysteme zur Neukundengewinnung (Empfehlungs- und Netzwerkmarketing). Die Beratung von Stefan B\u00f6sebeck Consulting unterscheidet sich im Einsatz digitaler Systeme von anderen Beratungsunternehmen. Das f\u00fchrt dazu, dass die Beratung nicht nur einfach anders, sondern besonders effizient ist.<\/p>\n<p><strong>Internetpr\u00e4senz<br \/>\n<\/strong><a href=\"http:\/\/www.stefan.b\u00f6sebeck.de\"><u>www.stefan.b\u00f6sebeck.de<\/u><\/a><\/p>\n<p><strong>Logo<br \/>\n<\/strong><img decoding=\"async\" loading=\"lazy\" class=\"alignnone size-thumbnail wp-image-232\" src=\"https:\/\/iv50plus.eu\/wp-content\/uploads\/2017\/03\/SB-1-500x500-150x150.png\" alt=\"\" width=\"150\" height=\"150\" srcset=\"https:\/\/iv50plus.eu\/wp-content\/uploads\/2017\/03\/SB-1-500x500-150x150.png 150w, https:\/\/iv50plus.eu\/wp-content\/uploads\/2017\/03\/SB-1-500x500-300x300.png 300w, https:\/\/iv50plus.eu\/wp-content\/uploads\/2017\/03\/SB-1-500x500-100x100.png 100w, https:\/\/iv50plus.eu\/wp-content\/uploads\/2017\/03\/SB-1-500x500.png 500w\" sizes=\"(max-width: 150px) 100vw, 150px\" \/><\/p>\n<p>[\/su_spoiler]<\/p>\n<p>[su_spoiler title=&#8220;Y&#8220; style=&#8220;fancy&#8220;]<\/p>\n<h1><strong>Yvonne Villiger<\/strong><\/h1>\n<p><strong>Unternehmensbeschreibung<br \/>\n<\/strong>Yvonne Villiger ist Vollblut-Speakerin, Trainerin und Autorin.<\/p>\n<p>Als ehemalige Gesch\u00e4ftsf\u00fchrerin eines bekannten Modelabels hat sie selbst erfahren, dass Humor im Business sie und ihre Mitarbeiter schnell weiterbringt. Gesteckte Ziele wurden \u00fcbertroffen und der Zusammenhalt im Team wich von \u201eAlle f\u00fcr keinen\u201c, zu \u201ealle f\u00fcr Villiger\u201c.\u00a0Als ausgebildete Trainerin und Business-Coach wei\u00df sie, wie wir charmant und erfolgreich respektvollen Humor in unsere Arbeitswelt integrieren. Inzwischen hat sie selbst drei Humortechniken entwickelt. Sie strapaziert nicht nur die Lachmuskeln, sondern zeigt, wie Alltagslust Stress reduziert, das Team zusammenschwei\u00dft und den Umsatz steigert. Begeisterte Kunden inklusive.<\/p>\n<p><strong>Internetpr\u00e4senz<br \/>\n<\/strong><a href=\"http:\/\/www.business-humor.ch\">www.business-humor.ch<\/a><\/p>\n<p><strong>Imagetrailer<br \/>\n<\/strong><a href=\"http:\/\/www.yvonne-villiger.ch\/57_video-archiv.php\">http:\/\/www.yvonne-villiger.ch\/57_video-archiv.php<\/a><\/p>\n<p><strong>Logo<br \/>\n<img decoding=\"async\" loading=\"lazy\" class=\"alignnone size-medium wp-image-282\" src=\"https:\/\/iv50plus.eu\/wp-content\/uploads\/2017\/03\/Anlage1-300x107.jpg\" alt=\"\" width=\"300\" height=\"107\" srcset=\"https:\/\/iv50plus.eu\/wp-content\/uploads\/2017\/03\/Anlage1-300x107.jpg 300w, https:\/\/iv50plus.eu\/wp-content\/uploads\/2017\/03\/Anlage1-768x275.jpg 768w, https:\/\/iv50plus.eu\/wp-content\/uploads\/2017\/03\/Anlage1.jpg 829w\" sizes=\"(max-width: 300px) 100vw, 300px\" \/><br \/>\n<\/strong><\/p>\n<p>[\/su_spoiler]<\/p>\n<p>[su_spoiler title=&#8220;W&#8220; style=&#8220;fancy&#8220;]<\/p>\n<h1><strong>Westdeutscher Betriebssportverband e.V.<\/strong><\/h1>\n<p><strong>Unternehmensdarstellung<br \/>\n<\/strong>Der Westdeutsche Betriebssportverband e.V. ist der nordrhein-westf\u00e4lische Dachverband von mehr als 1.000 Sportvereinen mit rund 90.000 Mitgliedspersonen.<\/p>\n<p>Die Vereine sind in der Regel im Umfeld eines aktuell existierenden Betriebes angesiedelt und haben somit eine besondere Beziehung zur Lebenswelt Arbeit.<\/p>\n<p>Als Verband f\u00fcr Gesundheits-, Freizeit- und Breitensport ist der WBSV als Fachverband Mitglied beim Landessportbund NRW. Vorrangige Bet\u00e4tigungsfelder sind die Themen \u201eBetriebliche Gesundheitsf\u00f6rderung\u201c durch Bewegung, Sport und Entspannung sowie breitensportorientierte Wettbewerbe und Events in den unterschiedlichsten Sportarten.<\/p>\n<p>Der Betriebs-Sportverein ist ein wichtiger und kompetenter Partner f\u00fcr Mitarbeiter und Arbeitgeber bei der betrieblichen Gesundheitsf\u00f6rderung.<\/p>\n<p>Sprechen Sie uns einfach an, wenn Sie den gemeinwohlorientierten Sportverein als Partner bei der betrieblichen Gesundheitsf\u00f6rderung nutzen oder z.B. einfach als Betriebssport-gemeinschaft an sportlichen Wettbewerben oder Events teilnehmen wollen.<\/p>\n<p><strong>Internetpr\u00e4senz<\/strong><br \/>\n<a href=\"http:\/\/www.betriebssport-nrw.de\/\">http:\/\/www.betriebssport-nrw.de\/<\/a><\/p>\n<p><strong>Logo<br \/>\n<img decoding=\"async\" loading=\"lazy\" class=\"alignnone wp-image-492\" src=\"https:\/\/iv50plus.eu\/wp-content\/uploads\/2017\/03\/WBSV_Logo_V01_mit-Zusatz-300x257.jpg\" alt=\"\" width=\"196\" height=\"168\" srcset=\"https:\/\/iv50plus.eu\/wp-content\/uploads\/2017\/03\/WBSV_Logo_V01_mit-Zusatz-300x257.jpg 300w, https:\/\/iv50plus.eu\/wp-content\/uploads\/2017\/03\/WBSV_Logo_V01_mit-Zusatz-768x658.jpg 768w, https:\/\/iv50plus.eu\/wp-content\/uploads\/2017\/03\/WBSV_Logo_V01_mit-Zusatz-1024x878.jpg 1024w\" sizes=\"(max-width: 196px) 100vw, 196px\" \/><br \/>\n<\/strong><\/p>\n<hr \/>\n<hr \/>\n<h1><strong>World Medical Card<\/strong><\/h1>\n<p><strong>Unternehmensdarstellung<\/strong><\/p>\n<p>Die World Medical Card ist ein pers\u00f6nliches medizinisches Notfall-Informationssystem, das Ihr Leben retten kann.<\/p>\n<p>In einem Notfall ist das Fehlen medizinischer Patienten-Informationen h\u00e4ufig die Ursache daf\u00fcr, dass keine schnelle und richtige Behandlung erfolgen kann.<\/p>\n<p>Egal ob Sie gesund sind, unter Allergien oder chronischen Krankheiten leiden. Mit dem WMC-System werden ihre wichtigsten medizinischen Daten \u00fcberall auf der Welt sofort verstanden und das WMC-System sichert den schnellen Zugriff jederzeit, \u00fcberall, mit oder ohne Elektronik.<\/p>\n<p>Das WMC-System besteht aus einer Online Akte,\u00a0 einer Smartphone App abrufbar in 19 Sprachen und einer von jeglicher Technik unabh\u00e4ngigen Notfallkarte.<\/p>\n<p>Weiter Informationen finden Sie unter www.wmc-card.de\/iv50plus.<br \/>\nDort k\u00f6nnen Sie auch Ihr WMC Notfallinformationssystem bestellen.<\/p>\n<p><strong>Internetpr\u00e4senz<\/strong><br \/>\n<a href=\"https:\/\/www.wmc-card.de\/iv50plus\/\">https:\/\/www.wmc-card.de\/iv50plus\/<\/a><\/p>\n<p><strong>Imagetrailer<br \/>\n<\/strong> <a href=\"http:\/\/www.fva-akademie.de\/die-world-medical-card-kann-leben-retten\/\">http:\/\/www.fva-akademie.de\/die-world-medical-card-kann-leben-retten\/<\/a><\/p>\n<p><strong>Logo<br \/>\n<\/strong><img decoding=\"async\" loading=\"lazy\" class=\"alignnone size-medium wp-image-283\" src=\"https:\/\/iv50plus.eu\/wp-content\/uploads\/2017\/03\/Anlage4-300x170.png\" alt=\"\" width=\"300\" height=\"170\" srcset=\"https:\/\/iv50plus.eu\/wp-content\/uploads\/2017\/03\/Anlage4-300x170.png 300w, https:\/\/iv50plus.eu\/wp-content\/uploads\/2017\/03\/Anlage4-768x435.png 768w, https:\/\/iv50plus.eu\/wp-content\/uploads\/2017\/03\/Anlage4.png 1000w\" sizes=\"(max-width: 300px) 100vw, 300px\" \/><br \/>\n[\/su_spoiler]<\/p>\n<p>[\/su_accordion]<\/p>\n","protected":false},"excerpt":{"rendered":"<p>Wir freuen uns sehr, dass schon so viele Unternehmen die Notwendigkeit einer Interessenvertretung f\u00fcr den demografischen Wandel und damit f\u00fcr die Menschen \u00fcber 50 Jahre erkannt haben und uns unterst\u00fctzen. Als neue Mitgliedsunternehmen begr\u00fc\u00dfen wir den VNR &#8211; Verlag f\u00fcr die deutsche Wirtschaft AG und die Ingeus GmbH. Wann d\u00fcrfen wir auch Sie als F\u00f6rdermitglied [&hellip;]<\/p>\n","protected":false},"author":1,"featured_media":0,"parent":0,"menu_order":0,"comment_status":"closed","ping_status":"closed","template":"","meta":[],"_links":{"self":[{"href":"https:\/\/iv50plus.eu\/index.php?rest_route=\/wp\/v2\/pages\/195"}],"collection":[{"href":"https:\/\/iv50plus.eu\/index.php?rest_route=\/wp\/v2\/pages"}],"about":[{"href":"https:\/\/iv50plus.eu\/index.php?rest_route=\/wp\/v2\/types\/page"}],"author":[{"embeddable":true,"href":"https:\/\/iv50plus.eu\/index.php?rest_route=\/wp\/v2\/users\/1"}],"replies":[{"embeddable":true,"href":"https:\/\/iv50plus.eu\/index.php?rest_route=%2Fwp%2Fv2%2Fcomments&post=195"}],"version-history":[{"count":0,"href":"https:\/\/iv50plus.eu\/index.php?rest_route=\/wp\/v2\/pages\/195\/revisions"}],"wp:attachment":[{"href":"https:\/\/iv50plus.eu\/index.php?rest_route=%2Fwp%2Fv2%2Fmedia&parent=195"}],"curies":[{"name":"wp","href":"https:\/\/api.w.org\/{rel}","templated":true}]}}